{"id":81341,"date":"2022-11-02T00:41:56","date_gmt":"2022-11-02T00:41:56","guid":{"rendered":"https:\/\/proyectos.comunicaciondigital.es\/?post_type=project&#038;p=81341"},"modified":"2023-05-28T11:59:42","modified_gmt":"2023-05-28T11:59:42","slug":"periodismo-inmersivo-con-a-frame","status":"publish","type":"project","link":"https:\/\/proyectos.comunicaciondigital.es\/en\/project\/periodismo-inmersivo-con-a-frame\/","title":{"rendered":"Periodismo inmersivo con A-Frame y librer\u00edas JS"},"content":{"rendered":"<p>[et_pb_section fb_built=\u00bb1&#8243; admin_label=\u00bbHeader\u00bb _builder_version=\u00bb4.16&#8243; use_background_color_gradient=\u00bbon\u00bb background_color_gradient_direction=\u00bb237deg\u00bb background_color_gradient_stops=\u00bb#46b3ff 0%|#0752fe 100%\u00bb background_color_gradient_start=\u00bb#46b3ff\u00bb background_color_gradient_end=\u00bb#0752fe\u00bb background_image=\u00bbhttps:\/\/proyectos.comunicaciondigital.es\/wp-content\/uploads\/2022\/11\/hosting-company-01.png\u00bb background_size=\u00bbcontain\u00bb background_position=\u00bbbottom_center\u00bb custom_padding=\u00bb39px||10vw||false|false\u00bb animation_style=\u00bbslide\u00bb animation_direction=\u00bbtop\u00bb animation_intensity_slide=\u00bb2%\u00bb animation_starting_opacity=\u00bb100%\u00bb global_colors_info=\u00bb{}\u00bb][et_pb_row column_structure=\u00bb1_2,1_2&#8243; _builder_version=\u00bb4.16&#8243; global_colors_info=\u00bb{}\u00bb custom_padding=\u00bb10px||86px|||\u00bb][et_pb_column type=\u00bb1_2&#8243; _builder_version=\u00bb4.16&#8243; custom_padding=\u00bb60px|||\u00bb custom_padding_tablet=\u00bb0px|||\u00bb custom_padding_phone=\u00bb0px|||\u00bb custom_padding_last_edited=\u00bbon|tablet\u00bb global_colors_info=\u00bb{}\u00bb padding_tablet=\u00bb0px|||\u00bb padding_last_edited=\u00bbon|tablet\u00bb custom_padding__hover=\u00bb|||\u00bb padding_phone=\u00bb0px|||\u00bb][et_pb_text _builder_version=\u00bb4.18.0&#8243; text_font=\u00bb||||||||\u00bb text_font_size=\u00bb16px\u00bb text_line_height=\u00bb2em\u00bb header_font=\u00bbRubik|500|||||||\u00bb header_font_size=\u00bb52px\u00bb header_line_height=\u00bb1.2em\u00bb background_layout=\u00bbdark\u00bb header_font_size_tablet=\u00bb42px\u00bb header_font_size_phone=\u00bb32px\u00bb header_font_size_last_edited=\u00bbon|desktop\u00bb text_text_shadow_style=\u00bbpreset1&#8243; text_text_shadow_blur_strength=\u00bb2em\u00bb global_colors_info=\u00bb{}\u00bb]<\/p>\n<h1>Periodismo inmersivo con A-Frame y librer\u00edas JS<\/h1>\n<p>Trabajo Fin de M\u00e1ster de <strong>Daria Tretiakova<\/strong> del M\u00e1ster en Periodismo digital y nuevos perfiles profesionales, realizado en el marco del proyecto XR Lab (Grupo Ciberimaginario)<\/p>\n<p>Tutores: Manuel G\u00e9rtrudix y Alberto S\u00e1nchez Acedo<\/p>\n<p>[\/et_pb_text][et_pb_button button_text=\u00bbM\u00e1s informaci\u00f3n\u00bb _builder_version=\u00bb4.18.0&#8243; custom_button=\u00bbon\u00bb button_text_size=\u00bb13px\u00bb button_text_color=\u00bb#ffffff\u00bb button_bg_color=\u00bb#263547&#8243; button_border_width=\u00bb0px\u00bb button_border_color=\u00bbrgba(0,0,0,0)\u00bb button_border_radius=\u00bb5px\u00bb button_letter_spacing=\u00bb1px\u00bb button_font=\u00bbRubik|||on|||||\u00bb button_use_icon=\u00bboff\u00bb background_layout=\u00bbdark\u00bb custom_padding=\u00bb14px|38px|14px|38px|true|true\u00bb box_shadow_style=\u00bbpreset1&#8243; box_shadow_vertical=\u00bb20px\u00bb box_shadow_blur=\u00bb30px\u00bb box_shadow_color=\u00bbrgba(0,0,0,0.2)\u00bb button_letter_spacing_hover=\u00bb1px\u00bb global_colors_info=\u00bb{}\u00bb button_text_size__hover_enabled=\u00bboff\u00bb button_one_text_size__hover_enabled=\u00bboff\u00bb button_two_text_size__hover_enabled=\u00bboff\u00bb button_text_color__hover_enabled=\u00bboff\u00bb button_one_text_color__hover_enabled=\u00bboff\u00bb button_two_text_color__hover_enabled=\u00bboff\u00bb button_border_width__hover_enabled=\u00bboff\u00bb button_one_border_width__hover_enabled=\u00bboff\u00bb button_two_border_width__hover_enabled=\u00bboff\u00bb button_border_color__hover_enabled=\u00bboff\u00bb button_one_border_color__hover_enabled=\u00bboff\u00bb button_two_border_color__hover_enabled=\u00bboff\u00bb button_border_radius__hover_enabled=\u00bboff\u00bb button_one_border_radius__hover_enabled=\u00bboff\u00bb button_two_border_radius__hover_enabled=\u00bboff\u00bb button_letter_spacing__hover_enabled=\u00bbon\u00bb button_letter_spacing__hover=\u00bb1px\u00bb button_one_letter_spacing__hover_enabled=\u00bboff\u00bb button_two_letter_spacing__hover_enabled=\u00bboff\u00bb button_bg_color__hover_enabled=\u00bboff\u00bb button_one_bg_color__hover_enabled=\u00bboff\u00bb button_two_bg_color__hover_enabled=\u00bboff\u00bb][\/et_pb_button][\/et_pb_column][et_pb_column type=\u00bb1_2&#8243; _builder_version=\u00bb4.16&#8243; custom_padding=\u00bb|||\u00bb global_colors_info=\u00bb{}\u00bb custom_padding__hover=\u00bb|||\u00bb][et_pb_image src=\u00bbhttps:\/\/proyectos.comunicaciondigital.es\/wp-content\/uploads\/2022\/11\/portada-tfm-daria.png\u00bb title_text=\u00bbportada-tfm-daria\u00bb align_tablet=\u00bbcenter\u00bb align_phone=\u00bbcenter\u00bb align_last_edited=\u00bbon|desktop\u00bb _builder_version=\u00bb4.18.0&#8243; animation_style=\u00bbzoom\u00bb animation_intensity_zoom=\u00bb10%\u00bb global_colors_info=\u00bb{}\u00bb][\/et_pb_image][\/et_pb_column][\/et_pb_row][\/et_pb_section][et_pb_section fb_built=\u00bb1&#8243; _builder_version=\u00bb4.20.4&#8243; _module_preset=\u00bbdefault\u00bb custom_padding=\u00bb31px|||||\u00bb global_colors_info=\u00bb{}\u00bb][et_pb_row _builder_version=\u00bb4.20.4&#8243; _module_preset=\u00bbdefault\u00bb global_colors_info=\u00bb{}\u00bb][et_pb_column type=\u00bb4_4&#8243; _builder_version=\u00bb4.20.4&#8243; _module_preset=\u00bbdefault\u00bb global_colors_info=\u00bb{}\u00bb][et_pb_text _builder_version=\u00bb4.16&#8243; text_font=\u00bb||||||||\u00bb text_font_size=\u00bb16px\u00bb text_line_height=\u00bb2em\u00bb header_2_font=\u00bbRubik|500||on|||||\u00bb header_2_text_color=\u00bb#ff8f00&#8243; header_2_font_size=\u00bb14px\u00bb header_2_letter_spacing=\u00bb1px\u00bb header_2_line_height=\u00bb1.5em\u00bb header_3_font=\u00bbRubik|500|||||||\u00bb header_3_font_size=\u00bb38px\u00bb header_3_line_height=\u00bb1.4em\u00bb text_orientation=\u00bbcenter\u00bb max_width=\u00bb700px\u00bb module_alignment=\u00bbcenter\u00bb custom_margin=\u00bb|144px|17px|137px||\u00bb header_2_font_size_tablet=\u00bb42px\u00bb header_2_font_size_phone=\u00bb32px\u00bb header_2_font_size_last_edited=\u00bboff|desktop\u00bb header_3_font_size_tablet=\u00bb28px\u00bb header_3_font_size_phone=\u00bb20px\u00bb header_3_font_size_last_edited=\u00bbon|phone\u00bb locked=\u00bboff\u00bb global_colors_info=\u00bb{}\u00bb]<\/p>\n<h2>Conoce el resultado<\/h2>\n<h3>Prototipo de producto period\u00edstico inmersivo<\/h3>\n<p>[\/et_pb_text][et_pb_image src=\u00bbhttps:\/\/proyectos.comunicaciondigital.es\/wp-content\/uploads\/2023\/05\/Screencast-TFM-Daria.gif\u00bb title_text=\u00bbScreencast TFM Daria\u00bb url=\u00bbhttps:\/\/asanchezace.github.io\/tfm-daria\/\u00bb url_new_window=\u00bbon\u00bb _builder_version=\u00bb4.20.4&#8243; _module_preset=\u00bbdefault\u00bb global_colors_info=\u00bb{}\u00bb][\/et_pb_image][et_pb_text _builder_version=\u00bb4.20.4&#8243; _module_preset=\u00bbdefault\u00bb global_colors_info=\u00bb{}\u00bb]<\/p>\n<p style=\"text-align: center;\">Es un proyecto inmersivo sobre el Consumo de Electricidad en el Hogar. Consulta cu\u00e1nto consume cada electrodom\u00e9stico y observa los gr\u00e1ficos. Haz click en el gif para acceder y navegar por el entorno inmersivo con las flechas de direcci\u00f3n del teclado y el rat\u00f3n.<\/p>\n<p>[\/et_pb_text][\/et_pb_column][\/et_pb_row][\/et_pb_section][et_pb_section fb_built=\u00bb1&#8243; admin_label=\u00bbVideo\u00bb _builder_version=\u00bb4.16&#8243; custom_padding=\u00bb32px|||||\u00bb global_colors_info=\u00bb{}\u00bb][et_pb_row _builder_version=\u00bb4.16&#8243; custom_padding=\u00bb||17px|||\u00bb locked=\u00bboff\u00bb global_colors_info=\u00bb{}\u00bb][et_pb_column type=\u00bb4_4&#8243; _builder_version=\u00bb4.16&#8243; custom_padding=\u00bb|||\u00bb global_colors_info=\u00bb{}\u00bb custom_padding__hover=\u00bb|||\u00bb][et_pb_text _builder_version=\u00bb4.20.4&#8243; text_font=\u00bb||||||||\u00bb text_font_size=\u00bb16px\u00bb text_line_height=\u00bb2em\u00bb header_2_font=\u00bbRubik|500||on|||||\u00bb header_2_text_color=\u00bb#ff8f00&#8243; header_2_font_size=\u00bb14px\u00bb header_2_letter_spacing=\u00bb1px\u00bb header_2_line_height=\u00bb1.5em\u00bb header_3_font=\u00bbRubik|500|||||||\u00bb header_3_font_size=\u00bb38px\u00bb header_3_line_height=\u00bb1.4em\u00bb text_orientation=\u00bbcenter\u00bb max_width=\u00bb700px\u00bb module_alignment=\u00bbcenter\u00bb header_2_font_size_tablet=\u00bb42px\u00bb header_2_font_size_phone=\u00bb32px\u00bb header_2_font_size_last_edited=\u00bboff|desktop\u00bb header_3_font_size_tablet=\u00bb28px\u00bb header_3_font_size_phone=\u00bb20px\u00bb header_3_font_size_last_edited=\u00bbon|phone\u00bb locked=\u00bboff\u00bb global_colors_info=\u00bb{}\u00bb]<\/p>\n<h2>Conoce el detalle del proyecto<\/h2>\n<h3>Memoria acad\u00e9mica del TFM<\/h3>\n<p>[\/et_pb_text][\/et_pb_column][\/et_pb_row][et_pb_row _builder_version=\u00bb4.20.4&#8243; _module_preset=\u00bbdefault\u00bb custom_padding=\u00bb20px|||||\u00bb global_colors_info=\u00bb{}\u00bb][et_pb_column type=\u00bb4_4&#8243; _builder_version=\u00bb4.20.4&#8243; _module_preset=\u00bbdefault\u00bb global_colors_info=\u00bb{}\u00bb][et_pb_text _builder_version=\u00bb4.20.4&#8243; _module_preset=\u00bbdefault\u00bb global_colors_info=\u00bb{}\u00bb]<\/p>\n<p><span><div class=\"_df_book df-lite\" id=\"df_81491\"  _slug=\"periodismo-inmersivo-con-a-frame-y-librerias-js\" data-title=\"periodismo-inmersivo-con-a-frame-y-librerias-js\" wpoptions=\"true\" thumb=\"https:\/\/proyectos.comunicaciondigital.es\/wp-content\/uploads\/2023\/05\/portada-tfm-daria-tretiakova.png\" thumbtype=\"\" ><\/div><script class=\"df-shortcode-script\" nowprocket type=\"application\/javascript\">window.option_df_81491 = {\"outline\":[],\"autoEnableOutline\":\"false\",\"autoEnableThumbnail\":\"false\",\"overwritePDFOutline\":\"false\",\"direction\":\"1\",\"pageSize\":\"0\",\"source\":\"https:\\\/\\\/proyectos.comunicaciondigital.es\\\/wp-content\\\/uploads\\\/2023\\\/05\\\/TFM-Memoria_Daria-Tretiakova-Editada_Final-230516.pdf\",\"wpOptions\":\"true\"}; if(window.DFLIP && window.DFLIP.parseBooks){window.DFLIP.parseBooks();}<\/script><\/span><\/p>\n<p>[\/et_pb_text][\/et_pb_column][\/et_pb_row][\/et_pb_section][et_pb_section fb_built=\u00bb1&#8243; admin_label=\u00bbVideo\u00bb _builder_version=\u00bb4.16&#8243; global_colors_info=\u00bb{}\u00bb][et_pb_row _builder_version=\u00bb4.16&#8243; locked=\u00bboff\u00bb global_colors_info=\u00bb{}\u00bb][et_pb_column type=\u00bb4_4&#8243; _builder_version=\u00bb4.16&#8243; custom_padding=\u00bb|||\u00bb global_colors_info=\u00bb{}\u00bb custom_padding__hover=\u00bb|||\u00bb][et_pb_text _builder_version=\u00bb4.16&#8243; text_font=\u00bb||||||||\u00bb text_font_size=\u00bb16px\u00bb text_line_height=\u00bb2em\u00bb header_2_font=\u00bbRubik|500||on|||||\u00bb header_2_text_color=\u00bb#ff8f00&#8243; header_2_font_size=\u00bb14px\u00bb header_2_letter_spacing=\u00bb1px\u00bb header_2_line_height=\u00bb1.5em\u00bb header_3_font=\u00bbRubik|500|||||||\u00bb header_3_font_size=\u00bb38px\u00bb header_3_line_height=\u00bb1.4em\u00bb text_orientation=\u00bbcenter\u00bb max_width=\u00bb700px\u00bb module_alignment=\u00bbcenter\u00bb header_2_font_size_tablet=\u00bb42px\u00bb header_2_font_size_phone=\u00bb32px\u00bb header_2_font_size_last_edited=\u00bboff|desktop\u00bb header_3_font_size_tablet=\u00bb28px\u00bb header_3_font_size_phone=\u00bb20px\u00bb header_3_font_size_last_edited=\u00bbon|phone\u00bb locked=\u00bboff\u00bb global_colors_info=\u00bb{}\u00bb]<\/p>\n<h3>Resultados<\/h3>\n<p>[\/et_pb_text][\/et_pb_column][\/et_pb_row][et_pb_row _builder_version=\u00bb4.20.4&#8243; _module_preset=\u00bbdefault\u00bb global_colors_info=\u00bb{}\u00bb][et_pb_column type=\u00bb4_4&#8243; _builder_version=\u00bb4.20.4&#8243; _module_preset=\u00bbdefault\u00bb global_colors_info=\u00bb{}\u00bb][et_pb_text _builder_version=\u00bb4.20.4&#8243; _module_preset=\u00bbdefault\u00bb global_colors_info=\u00bb{}\u00bb]<\/p>\n<p><span style=\"font-size: large;\">El proyecto consiste en un entorno virtual compuesto por una cocina y una sala de estar, que permite a los usuarios obtener informaci\u00f3n sobre el consumo mensual de energ\u00eda y el costo aproximado de cada electrodom\u00e9stico.\u00a0<\/span><\/p>\n<p><span style=\"font-size: large;\">Junto a cada dispositivo, se encuentra un bot\u00f3n que ofrece consultas relacionadas con el tema. Los usuarios pueden desplazarse dentro del espacio virtual utilizando las teclas de flechas y rotar la vista utilizando el cursor del rat\u00f3n.<\/span><\/p>\n<p><span style=\"font-size: large;\">Adem\u00e1s, el proyecto incluye una habitaci\u00f3n separada dentro del entorno virtual, donde los usuarios pueden acceder a informaci\u00f3n m\u00e1s detallada, como gr\u00e1ficos de clasificaci\u00f3n del consumo de electrodom\u00e9sticos, la evoluci\u00f3n de los precios diarios de la electricidad a lo largo de los a\u00f1os, as\u00ed como certificados energ\u00e9ticos y otros materiales adicionales.<\/span><\/p>\n<p><span style=\"font-size: large;\">El objetivo es brindar a los usuarios una experiencia inmersiva e interactiva que les permita comprender mejor el tema del consumo de energ\u00eda en el hogar y su relaci\u00f3n con los precios de la electricidad, a partir de la noticia reciente mencionada anteriormente.<\/span><\/p>\n<p>[\/et_pb_text][\/et_pb_column][\/et_pb_row][\/et_pb_section][et_pb_section fb_built=\u00bb1&#8243; admin_label=\u00bbVideo\u00bb _builder_version=\u00bb4.16&#8243; global_colors_info=\u00bb{}\u00bb][et_pb_row _builder_version=\u00bb4.16&#8243; locked=\u00bboff\u00bb global_colors_info=\u00bb{}\u00bb][et_pb_column type=\u00bb4_4&#8243; _builder_version=\u00bb4.16&#8243; custom_padding=\u00bb|||\u00bb global_colors_info=\u00bb{}\u00bb custom_padding__hover=\u00bb|||\u00bb][et_pb_text _builder_version=\u00bb4.20.4&#8243; text_font=\u00bb||||||||\u00bb text_font_size=\u00bb16px\u00bb text_line_height=\u00bb2em\u00bb header_2_font=\u00bbRubik|500||on|||||\u00bb header_2_text_color=\u00bb#ff8f00&#8243; header_2_font_size=\u00bb14px\u00bb header_2_letter_spacing=\u00bb1px\u00bb header_2_line_height=\u00bb1.5em\u00bb header_3_font=\u00bbRubik|500|||||||\u00bb header_3_font_size=\u00bb38px\u00bb header_3_line_height=\u00bb1.4em\u00bb text_orientation=\u00bbcenter\u00bb max_width=\u00bb700px\u00bb module_alignment=\u00bbcenter\u00bb header_2_font_size_tablet=\u00bb42px\u00bb header_2_font_size_phone=\u00bb32px\u00bb header_2_font_size_last_edited=\u00bboff|desktop\u00bb header_3_font_size_tablet=\u00bb28px\u00bb header_3_font_size_phone=\u00bb20px\u00bb header_3_font_size_last_edited=\u00bbon|phone\u00bb locked=\u00bboff\u00bb global_colors_info=\u00bb{}\u00bb]<\/p>\n<h3>Conclusiones<\/h3>\n<p>[\/et_pb_text][\/et_pb_column][\/et_pb_row][et_pb_row _builder_version=\u00bb4.20.4&#8243; _module_preset=\u00bbdefault\u00bb global_colors_info=\u00bb{}\u00bb][et_pb_column type=\u00bb4_4&#8243; _builder_version=\u00bb4.20.4&#8243; _module_preset=\u00bbdefault\u00bb global_colors_info=\u00bb{}\u00bb][et_pb_text _builder_version=\u00bb4.20.4&#8243; _module_preset=\u00bbdefault\u00bb global_colors_info=\u00bb{}\u00bb]<\/p>\n<p><span style=\"font-size: large;\">El desarrollo del proceso de investigaci\u00f3n period\u00edstica ha permitido llegar a las siguientes conclusiones que se reflejan en el producto period\u00edstico elaborado:<\/span><\/p>\n<p><span style=\"font-size: large;\">\u00a0<\/span><\/p>\n<h4><strong><span style=\"font-size: large;\">Conclusiones sobre el periodismo inmersivo<\/span><\/strong><\/h4>\n<ul>\n<li><span style=\"font-size: large;\">El periodismo inmersivo permite a los usuarios sumergirse en un entorno virtual interactivo, lo que da lugar a una mayor participaci\u00f3n y compromiso de los usuarios. Los proyectos de periodismo en RV permiten a los usuarios explorar e interactuar de forma m\u00e1s activa con la informaci\u00f3n, lo que puede favorecer una comprensi\u00f3n m\u00e1s profunda del tema presentado.<\/span><\/li>\n<li><span style=\"font-size: large;\">La realidad virtual proporciona posibilidades de creatividad y experimentaci\u00f3n en la narraci\u00f3n period\u00edstica. Los proyectos period\u00edsticos de RV permiten a periodistas y creadores de contenidos explorar nuevas formas de presentar la informaci\u00f3n, utilizando elementos visuales, auditivos e interactivos para contar una historia de forma \u00fanica y atractiva.<\/span><\/li>\n<li><span style=\"font-size: large;\">La realidad virtual ofrece a los usuarios una experiencia inmersiva y emocional que puede crear una conexi\u00f3n m\u00e1s profunda con la historia o la informaci\u00f3n presentada. Los proyectos period\u00edsticos en realidad virtual pueden crear un impacto emocional en los usuarios, lo que puede resultar en una mayor retenci\u00f3n de la informaci\u00f3n y una mayor empat\u00eda hacia los temas presentados.<\/span><\/li>\n<li><span style=\"font-size: large;\">La realidad virtual tiene mucho potencial para el periodismo de investigaci\u00f3n y la informaci\u00f3n sobre temas complejos. Los proyectos period\u00edsticos de RV pueden ofrecer representaciones visuales y experienciales de temas dif\u00edciles de entender, lo que puede ayudar a los usuarios a comprender mejor incluso historias dif\u00edciles.<\/span><\/li>\n<li><span style=\"font-size: large;\">Aunque la tecnolog\u00eda de la RV ha avanzado considerablemente en los \u00faltimos a\u00f1os, sigue existiendo una serie de problemas t\u00e9cnicos y de accesibilidad que deben tenerse en cuenta a la hora de desarrollar proyectos period\u00edsticos de RV. La necesidad de conocimientos especializados y la dependencia de la tecnolog\u00eda pueden limitar la realizaci\u00f3n de estos proyectos.<\/span><\/li>\n<\/ul>\n<h4><span style=\"font-size: large;\"><strong>Conclusiones sobre el proceso de investigaci\u00f3n y la elaboraci\u00f3n del reportaje<\/strong><\/span><\/h4>\n<ul>\n<li><span style=\"font-size: large;\">La narraci\u00f3n y una estructura bien dise\u00f1ada son elementos fundamentales de un proyecto period\u00edstico de calidad. Es necesario organizar la informaci\u00f3n de forma clara y coherente, utilizando una estructura l\u00f3gica y atractiva para los lectores o espectadores. La narraci\u00f3n debe ser tambi\u00e9n atractiva para mantener el inter\u00e9s de la audiencia.<\/span><\/li>\n<li><span style=\"font-size: large;\">La investigaci\u00f3n period\u00edstica requiere rigurosidad y verificaci\u00f3n de fuentes para garantizar la precisi\u00f3n y fiabilidad de la informaci\u00f3n. Es preciso corroborar la informaci\u00f3n con m\u00faltiples fuentes, incluyendo expertos, testigos, documentos oficiales y estad\u00edsticas. Adem\u00e1s, es importante buscar una variedad de fuentes para obtener una visi\u00f3n completa y equilibrada del tema, asegur\u00e1ndose de que sean cre\u00edbles y respaldadas por evidencia verificable.<\/span><\/li>\n<li><span style=\"font-size: large;\">Desarrollar un proyecto period\u00edstico basado en la realidad virtual implica comprender y aplicar herramientas y software espec\u00edficos para crear contenidos de RV, as\u00ed como explorar la tecnolog\u00eda y el dise\u00f1o para garantizar una experiencia de usuario de alta calidad.<\/span><\/li>\n<\/ul>\n<h4><strong><span style=\"font-size: large;\">Conclusiones sobre los conocimientos y competencias adquiridos<\/span><\/strong><\/h4>\n<ul>\n<li><span style=\"font-size: large;\">Durante el desarrollo del proyecto, adquir\u00ed conocimientos t\u00e9cnicos sobre el trabajo con herramientas y programas espec\u00edficos para crear contenidos de 3D, as\u00ed como una comprensi\u00f3n de los principios y m\u00e9todos de dise\u00f1o de la realidad virtual. Estudi\u00e9 la tecnolog\u00eda A-Frame, mejor\u00e9 mis conocimientos de lenguaje de programaci\u00f3n, as\u00ed como otros aspectos t\u00e9cnicos.<\/span><\/li>\n<li><span style=\"font-size: large;\">Obtuve conocimientos en narraci\u00f3n visual y experiencia de usuario, lo que incluye la creaci\u00f3n de entornos virtuales, objetos 3D y la planificaci\u00f3n de la navegaci\u00f3n y la experiencia de usuario en un entorno virtual.<\/span><\/li>\n<li><span style=\"font-size: large;\">Adem\u00e1s, he desarrollado habilidades de pensamiento creativo y dise\u00f1o, que incluyen la planificaci\u00f3n de la narraci\u00f3n, la creaci\u00f3n de elementos visuales en 3D y el montaje de la escena, as\u00ed como la optimizaci\u00f3n del contenido para la experiencia del usuario.<\/span><\/li>\n<\/ul>\n<p>[\/et_pb_text][\/et_pb_column][\/et_pb_row][\/et_pb_section][et_pb_section fb_built=\u00bb1&#8243; admin_label=\u00bbCTAs\u00bb _builder_version=\u00bb4.16&#8243; global_colors_info=\u00bb{}\u00bb][et_pb_row _builder_version=\u00bb4.16&#8243; locked=\u00bboff\u00bb global_colors_info=\u00bb{}\u00bb][et_pb_column type=\u00bb4_4&#8243; _builder_version=\u00bb4.16&#8243; custom_padding=\u00bb|||\u00bb global_colors_info=\u00bb{}\u00bb custom_padding__hover=\u00bb|||\u00bb][et_pb_text _builder_version=\u00bb4.16&#8243; text_font=\u00bb||||||||\u00bb text_font_size=\u00bb16px\u00bb text_line_height=\u00bb2em\u00bb header_2_font=\u00bbRubik|500||on|||||\u00bb header_2_text_color=\u00bb#ff8f00&#8243; header_2_font_size=\u00bb14px\u00bb header_2_letter_spacing=\u00bb1px\u00bb header_2_line_height=\u00bb1.5em\u00bb header_3_font=\u00bbRubik|500|||||||\u00bb header_3_font_size=\u00bb38px\u00bb header_3_line_height=\u00bb1.4em\u00bb text_orientation=\u00bbcenter\u00bb max_width=\u00bb700px\u00bb module_alignment=\u00bbcenter\u00bb header_2_font_size_tablet=\u00bb42px\u00bb header_2_font_size_phone=\u00bb32px\u00bb header_2_font_size_last_edited=\u00bboff|desktop\u00bb header_3_font_size_tablet=\u00bb28px\u00bb header_3_font_size_phone=\u00bb20px\u00bb header_3_font_size_last_edited=\u00bbon|phone\u00bb locked=\u00bboff\u00bb global_colors_info=\u00bb{}\u00bb]<\/p>\n<h3>An\u00e1lisis<\/h3>\n<p>[\/et_pb_text][\/et_pb_column][\/et_pb_row][et_pb_row _builder_version=\u00bb4.18.0&#8243; _module_preset=\u00bbdefault\u00bb global_colors_info=\u00bb{}\u00bb][et_pb_column type=\u00bb4_4&#8243; _builder_version=\u00bb4.18.0&#8243; _module_preset=\u00bbdefault\u00bb global_colors_info=\u00bb{}\u00bb][et_pb_blog fullwidth=\u00bboff\u00bb include_categories=\u00bb265&#8243; _builder_version=\u00bb4.18.0&#8243; _module_preset=\u00bbdefault\u00bb global_colors_info=\u00bb{}\u00bb][\/et_pb_blog][\/et_pb_column][\/et_pb_row][\/et_pb_section][et_pb_section fb_built=\u00bb1&#8243; admin_label=\u00bbFooter\u00bb _builder_version=\u00bb4.16&#8243; use_background_color_gradient=\u00bbon\u00bb background_color_gradient_direction=\u00bb237deg\u00bb background_color_gradient_stops=\u00bb#46b3ff 0%|#0752fe 100%\u00bb background_color_gradient_start=\u00bb#46b3ff\u00bb background_color_gradient_end=\u00bb#0752fe\u00bb background_image=\u00bbhttps:\/\/proyectos.comunicaciondigital.es\/wp-content\/uploads\/2022\/11\/hosting-company-11.png\u00bb background_size=\u00bbcontain\u00bb background_position=\u00bbtop_center\u00bb custom_padding=\u00bb20vw||10vw||false|false\u00bb animation_style=\u00bbslide\u00bb animation_direction=\u00bbtop\u00bb animation_intensity_slide=\u00bb5%\u00bb animation_starting_opacity=\u00bb100%\u00bb global_colors_info=\u00bb{}\u00bb][et_pb_row _builder_version=\u00bb4.16&#8243; global_colors_info=\u00bb{}\u00bb][et_pb_column type=\u00bb4_4&#8243; _builder_version=\u00bb4.16&#8243; custom_padding=\u00bb|||\u00bb global_colors_info=\u00bb{}\u00bb custom_padding__hover=\u00bb|||\u00bb][et_pb_text _builder_version=\u00bb4.18.0&#8243; text_font=\u00bb||||||||\u00bb text_font_size=\u00bb16px\u00bb text_line_height=\u00bb2em\u00bb header_2_font=\u00bbRubik|500|||||||\u00bb header_2_font_size=\u00bb52px\u00bb header_2_line_height=\u00bb1.2em\u00bb text_orientation=\u00bbcenter\u00bb background_layout=\u00bbdark\u00bb max_width=\u00bb700px\u00bb module_alignment=\u00bbcenter\u00bb custom_padding=\u00bb||1px|||\u00bb header_2_font_size_tablet=\u00bb42px\u00bb header_2_font_size_phone=\u00bb32px\u00bb header_2_font_size_last_edited=\u00bbon|desktop\u00bb text_text_shadow_style=\u00bbpreset1&#8243; text_text_shadow_blur_strength=\u00bb2em\u00bb locked=\u00bboff\u00bb global_colors_info=\u00bb{}\u00bb]<\/p>\n<h2>Otro proyecto de XR Lab<\/h2>\n<p><span style=\"color: #ffffff;\"><a href=\"https:\/\/ciberimaginario.es\/project\/sistemas-realidad-extendida\/\" style=\"color: #ffffff;\"><span style=\"text-decoration: underline;\">Desarrollo de un producto m\u00ednimo viable (PMV) de comunicaci\u00f3n period\u00edstica inmersiva mediante el uso de realidad extendida<\/span><\/a><\/span> financiado a trav\u00e9s de las ayudas para la realizaci\u00f3n de doctorados industriales en la Comunidad de Madrid (IND2022\/SOC-23503), en colaboraci\u00f3n con <span style=\"text-decoration: underline;\"><span style=\"color: #ffffff;\"><a href=\"https:\/\/www.prodigiosovolcan.com\/\" style=\"color: #ffffff; text-decoration: underline;\">Prodigioso Volc\u00e1n S.L.<\/a><\/span><\/span><\/p>\n<p>[\/et_pb_text][et_pb_button button_text=\u00bbConoce el proyecto completo\u00bb button_alignment=\u00bbcenter\u00bb _builder_version=\u00bb4.18.0&#8243; custom_button=\u00bbon\u00bb button_text_size=\u00bb13px\u00bb button_text_color=\u00bb#ffffff\u00bb button_bg_color=\u00bb#263547&#8243; button_border_width=\u00bb0px\u00bb button_border_color=\u00bbrgba(0,0,0,0)\u00bb button_border_radius=\u00bb5px\u00bb button_letter_spacing=\u00bb1px\u00bb button_font=\u00bbRubik|||on|||||\u00bb button_use_icon=\u00bboff\u00bb background_layout=\u00bbdark\u00bb custom_padding=\u00bb14px|38px|14px|38px|true|true\u00bb box_shadow_style=\u00bbpreset1&#8243; box_shadow_vertical=\u00bb20px\u00bb box_shadow_blur=\u00bb30px\u00bb box_shadow_color=\u00bbrgba(0,0,0,0.2)\u00bb button_letter_spacing_hover=\u00bb1px\u00bb locked=\u00bboff\u00bb global_colors_info=\u00bb{}\u00bb button_text_size__hover_enabled=\u00bboff\u00bb button_one_text_size__hover_enabled=\u00bboff\u00bb button_two_text_size__hover_enabled=\u00bboff\u00bb button_text_color__hover_enabled=\u00bboff\u00bb button_one_text_color__hover_enabled=\u00bboff\u00bb button_two_text_color__hover_enabled=\u00bboff\u00bb button_border_width__hover_enabled=\u00bboff\u00bb button_one_border_width__hover_enabled=\u00bboff\u00bb button_two_border_width__hover_enabled=\u00bboff\u00bb button_border_color__hover_enabled=\u00bboff\u00bb button_one_border_color__hover_enabled=\u00bboff\u00bb button_two_border_color__hover_enabled=\u00bboff\u00bb button_border_radius__hover_enabled=\u00bboff\u00bb button_one_border_radius__hover_enabled=\u00bboff\u00bb button_two_border_radius__hover_enabled=\u00bboff\u00bb button_letter_spacing__hover_enabled=\u00bbon\u00bb button_letter_spacing__hover=\u00bb1px\u00bb button_one_letter_spacing__hover_enabled=\u00bboff\u00bb button_two_letter_spacing__hover_enabled=\u00bboff\u00bb button_bg_color__hover_enabled=\u00bboff\u00bb button_one_bg_color__hover_enabled=\u00bboff\u00bb button_two_bg_color__hover_enabled=\u00bboff\u00bb][\/et_pb_button][\/et_pb_column][\/et_pb_row][\/et_pb_section]<\/p>\n","protected":false},"excerpt":{"rendered":"<p>Periodismo inmersivo con A-Frame y librer\u00edas JS Trabajo Fin de M\u00e1ster de Daria Tretiakova del M\u00e1ster en Periodismo digital y nuevos perfiles profesionales, realizado en el marco del proyecto XR Lab (Grupo Ciberimaginario) Tutores: Manuel G\u00e9rtrudix y Alberto S\u00e1nchez AcedoConoce el resultado Prototipo de producto period\u00edstico inmersivoEs un proyecto inmersivo sobre el Consumo de Electricidad&hellip; <a class=\"continue\" href=\"https:\/\/proyectos.comunicaciondigital.es\/en\/project\/periodismo-inmersivo-con-a-frame\/\">Continua leyendo<span> Periodismo inmersivo con A-Frame y librer\u00edas JS<\/span><\/a><\/p>","protected":false},"author":96,"featured_media":0,"comment_status":"open","ping_status":"closed","template":"","meta":{"_et_pb_use_builder":"on","_et_pb_old_content":"","_et_gb_content_width":"","footnotes":""},"project_category":[],"project_tag":[],"class_list":["post-81341","project","type-project","status-publish","hentry"],"yoast_head":"<!-- This site is optimized with the Yoast SEO plugin v27.2 - https:\/\/yoast.com\/product\/yoast-seo-wordpress\/ -->\n<title>Periodismo inmersivo con A-Frame y librer\u00edas JS - Portal de proyectos multimedia<\/title>\n<meta name=\"robots\" content=\"noindex, nofollow\" \/>\n<meta property=\"og:locale\" content=\"en_GB\" \/>\n<meta property=\"og:type\" content=\"article\" \/>\n<meta property=\"og:title\" content=\"Periodismo inmersivo con A-Frame y librer\u00edas JS - Portal de proyectos multimedia\" \/>\n<meta property=\"og:description\" content=\"Periodismo inmersivo con A-Frame y librer\u00edas JS Trabajo Fin de M\u00e1ster de Daria Tretiakova del M\u00e1ster en Periodismo digital y nuevos perfiles profesionales, realizado en el marco del proyecto XR Lab (Grupo Ciberimaginario) Tutores: Manuel G\u00e9rtrudix y Alberto S\u00e1nchez AcedoConoce el resultado Prototipo de producto period\u00edstico inmersivoEs un proyecto inmersivo sobre el Consumo de Electricidad&hellip; Continua leyendo Periodismo inmersivo con A-Frame y librer\u00edas JS\" \/>\n<meta property=\"og:url\" content=\"https:\/\/proyectos.comunicaciondigital.es\/en\/project\/periodismo-inmersivo-con-a-frame\/\" \/>\n<meta property=\"og:site_name\" content=\"Portal de proyectos multimedia\" \/>\n<meta property=\"article:modified_time\" content=\"2023-05-28T11:59:42+00:00\" \/>\n<script type=\"application\/ld+json\" class=\"yoast-schema-graph\">{\"@context\":\"https:\/\/schema.org\",\"@graph\":[{\"@type\":\"WebPage\",\"@id\":\"https:\/\/proyectos.comunicaciondigital.es\/project\/periodismo-inmersivo-con-a-frame\/\",\"url\":\"https:\/\/proyectos.comunicaciondigital.es\/project\/periodismo-inmersivo-con-a-frame\/\",\"name\":\"Periodismo inmersivo con A-Frame y librer\u00edas JS - Portal de proyectos multimedia\",\"isPartOf\":{\"@id\":\"https:\/\/proyectos.comunicaciondigital.es\/#website\"},\"datePublished\":\"2022-11-02T00:41:56+00:00\",\"dateModified\":\"2023-05-28T11:59:42+00:00\",\"breadcrumb\":{\"@id\":\"https:\/\/proyectos.comunicaciondigital.es\/project\/periodismo-inmersivo-con-a-frame\/#breadcrumb\"},\"inLanguage\":\"en-GB\",\"potentialAction\":[{\"@type\":\"ReadAction\",\"target\":[\"https:\/\/proyectos.comunicaciondigital.es\/project\/periodismo-inmersivo-con-a-frame\/\"]}]},{\"@type\":\"BreadcrumbList\",\"@id\":\"https:\/\/proyectos.comunicaciondigital.es\/project\/periodismo-inmersivo-con-a-frame\/#breadcrumb\",\"itemListElement\":[{\"@type\":\"ListItem\",\"position\":1,\"name\":\"Portada\",\"item\":\"https:\/\/proyectos.comunicaciondigital.es\/\"},{\"@type\":\"ListItem\",\"position\":2,\"name\":\"Proyectos\",\"item\":\"https:\/\/proyectos.comunicaciondigital.es\/project\/\"},{\"@type\":\"ListItem\",\"position\":3,\"name\":\"Periodismo inmersivo con A-Frame y librer\u00edas JS\"}]},{\"@type\":\"WebSite\",\"@id\":\"https:\/\/proyectos.comunicaciondigital.es\/#website\",\"url\":\"https:\/\/proyectos.comunicaciondigital.es\/\",\"name\":\"Portal de proyectos multimedia\",\"description\":\"Grupo Ciberimaginario\",\"potentialAction\":[{\"@type\":\"SearchAction\",\"target\":{\"@type\":\"EntryPoint\",\"urlTemplate\":\"https:\/\/proyectos.comunicaciondigital.es\/?s={search_term_string}\"},\"query-input\":{\"@type\":\"PropertyValueSpecification\",\"valueRequired\":true,\"valueName\":\"search_term_string\"}}],\"inLanguage\":\"en-GB\"}]}<\/script>\n<!-- \/ Yoast SEO plugin. -->","yoast_head_json":{"title":"Periodismo inmersivo con A-Frame y librer\u00edas JS - Portal de proyectos multimedia","robots":{"index":"noindex","follow":"nofollow"},"og_locale":"en_GB","og_type":"article","og_title":"Periodismo inmersivo con A-Frame y librer\u00edas JS - Portal de proyectos multimedia","og_description":"Periodismo inmersivo con A-Frame y librer\u00edas JS Trabajo Fin de M\u00e1ster de Daria Tretiakova del M\u00e1ster en Periodismo digital y nuevos perfiles profesionales, realizado en el marco del proyecto XR Lab (Grupo Ciberimaginario) Tutores: Manuel G\u00e9rtrudix y Alberto S\u00e1nchez AcedoConoce el resultado Prototipo de producto period\u00edstico inmersivoEs un proyecto inmersivo sobre el Consumo de Electricidad&hellip; Continua leyendo Periodismo inmersivo con A-Frame y librer\u00edas JS","og_url":"https:\/\/proyectos.comunicaciondigital.es\/en\/project\/periodismo-inmersivo-con-a-frame\/","og_site_name":"Portal de proyectos multimedia","article_modified_time":"2023-05-28T11:59:42+00:00","schema":{"@context":"https:\/\/schema.org","@graph":[{"@type":"WebPage","@id":"https:\/\/proyectos.comunicaciondigital.es\/project\/periodismo-inmersivo-con-a-frame\/","url":"https:\/\/proyectos.comunicaciondigital.es\/project\/periodismo-inmersivo-con-a-frame\/","name":"Periodismo inmersivo con A-Frame y librer\u00edas JS - Portal de proyectos multimedia","isPartOf":{"@id":"https:\/\/proyectos.comunicaciondigital.es\/#website"},"datePublished":"2022-11-02T00:41:56+00:00","dateModified":"2023-05-28T11:59:42+00:00","breadcrumb":{"@id":"https:\/\/proyectos.comunicaciondigital.es\/project\/periodismo-inmersivo-con-a-frame\/#breadcrumb"},"inLanguage":"en-GB","potentialAction":[{"@type":"ReadAction","target":["https:\/\/proyectos.comunicaciondigital.es\/project\/periodismo-inmersivo-con-a-frame\/"]}]},{"@type":"BreadcrumbList","@id":"https:\/\/proyectos.comunicaciondigital.es\/project\/periodismo-inmersivo-con-a-frame\/#breadcrumb","itemListElement":[{"@type":"ListItem","position":1,"name":"Portada","item":"https:\/\/proyectos.comunicaciondigital.es\/"},{"@type":"ListItem","position":2,"name":"Proyectos","item":"https:\/\/proyectos.comunicaciondigital.es\/project\/"},{"@type":"ListItem","position":3,"name":"Periodismo inmersivo con A-Frame y librer\u00edas JS"}]},{"@type":"WebSite","@id":"https:\/\/proyectos.comunicaciondigital.es\/#website","url":"https:\/\/proyectos.comunicaciondigital.es\/","name":"Portal de proyectos multimedia","description":"Grupo Ciberimaginario","potentialAction":[{"@type":"SearchAction","target":{"@type":"EntryPoint","urlTemplate":"https:\/\/proyectos.comunicaciondigital.es\/?s={search_term_string}"},"query-input":{"@type":"PropertyValueSpecification","valueRequired":true,"valueName":"search_term_string"}}],"inLanguage":"en-GB"}]}},"_links":{"self":[{"href":"https:\/\/proyectos.comunicaciondigital.es\/en\/wp-json\/wp\/v2\/project\/81341","targetHints":{"allow":["GET"]}}],"collection":[{"href":"https:\/\/proyectos.comunicaciondigital.es\/en\/wp-json\/wp\/v2\/project"}],"about":[{"href":"https:\/\/proyectos.comunicaciondigital.es\/en\/wp-json\/wp\/v2\/types\/project"}],"author":[{"embeddable":true,"href":"https:\/\/proyectos.comunicaciondigital.es\/en\/wp-json\/wp\/v2\/users\/96"}],"replies":[{"embeddable":true,"href":"https:\/\/proyectos.comunicaciondigital.es\/en\/wp-json\/wp\/v2\/comments?post=81341"}],"version-history":[{"count":30,"href":"https:\/\/proyectos.comunicaciondigital.es\/en\/wp-json\/wp\/v2\/project\/81341\/revisions"}],"predecessor-version":[{"id":81596,"href":"https:\/\/proyectos.comunicaciondigital.es\/en\/wp-json\/wp\/v2\/project\/81341\/revisions\/81596"}],"wp:attachment":[{"href":"https:\/\/proyectos.comunicaciondigital.es\/en\/wp-json\/wp\/v2\/media?parent=81341"}],"wp:term":[{"taxonomy":"project_category","embeddable":true,"href":"https:\/\/proyectos.comunicaciondigital.es\/en\/wp-json\/wp\/v2\/project_category?post=81341"},{"taxonomy":"project_tag","embeddable":true,"href":"https:\/\/proyectos.comunicaciondigital.es\/en\/wp-json\/wp\/v2\/project_tag?post=81341"}],"curies":[{"name":"wp","href":"https:\/\/api.w.org\/{rel}","templated":true}]}}